{"id":11,"date":"2023-10-06T23:55:03","date_gmt":"2023-10-06T23:55:03","guid":{"rendered":"http:\/\/49.12.232.99:8000\/?page_id=11"},"modified":"2026-09-02T15:31:25","modified_gmt":"2026-09-02T15:31:25","slug":"about-me","status":"publish","type":"page","link":"https:\/\/incalma.com\/index.php\/about-me\/","title":{"rendered":"about me"},"content":{"rendered":"\n<div class=\"wp-block-columns is-layout-flex wp-container-core-columns-is-layout-f56f613f wp-block-columns-is-layout-flex\">\n<div class=\"wp-block-column is-layout-flow wp-block-column-is-layout-flow\"><\/div>\n\n\n\n<div class=\"wp-block-column is-layout-flow wp-block-column-is-layout-flow\">\n<figure class=\"wp-block-image size-full wp-duotone-unset-1\"><img loading=\"lazy\" decoding=\"async\" width=\"1000\" height=\"1000\" src=\"https:\/\/incalma.com\/wp-content\/uploads\/2024\/05\/00.gif\" alt=\"\" class=\"wp-image-1134\"\/><\/figure>\n<\/div>\n<\/div>\n\n\n\n\n\n<p class=\"wp-block-paragraph\">Portuguese designer and illustrator. Science fiction enthusiast and bird lover. Casual chess player, core gamer, and full-time everyday-things jingle producer. Amateur at all things, except for work (in case you\u2019re a client reading this).<\/p>\n\n\n\n<p class=\"wp-block-paragraph\">I studied Communication Design at the School of Fine Arts of the University of Porto and attended an Illustration and Visual Storytelling programme at AKV St. Joost in Den Bosch, the Netherlands. For the past decade, I\u2019ve been working across Illustration, Animation and Ceramics, as well as Graphic, Editorial and Web Design. Currently pursuing a Master&#8217;s Degree in Literary, Cultural and Interartistic Studies at the School of Arts and Humanities of the University of Porto.<\/p>\n\n\n\n<p class=\"wp-block-paragraph\">Co-editor, co-writer and founder of <a href=\"http:\/\/agucamag.com\"><strong>agu\u00e7a<\/strong><\/a> magazine (2021-) and founding partner of <a href=\"http:\/\/asteroidefertil.pt\"><strong>aster\u00f3ide f\u00e9rtil <strong>\u2014<\/strong><\/strong> <strong>Cultural Association<\/strong><\/a> (2023-) and <a href=\"https:\/\/estudiominusculo.com\/\"><strong>est\u00fadio min\u00fasculo<\/strong><\/a> (2025-).<\/p>\n\n\n\n<p class=\"wp-block-paragraph\">n\u0335\u034eo\u0311\u0305\u0334\u0323t\u0351\u033f\u0301\u0337 a\u0335\u034d\u032a\u0359 r\u030e\u0366o\u036c\u034b\u0359b\u0307\u0312\u0335o\u0352\u0328t :\u0309\u0367\u0365\u0319)\u036e\u036f\u036f\u0331<\/p>\n\n\n\n<p class=\"wp-block-paragraph\">Let\u2019s talk work (or play a game!): <a href=\"mailto:ines.calma@gmail.com\"><strong>ines.calma@gmail.com<\/strong><\/a><\/p>\n\n\n\n<p class=\"has-ibm-plex-mono-font-family has-medium-font-size wp-block-paragraph\"><strong>some<\/strong> <strong>websites I&#8217;ve had my hands on<\/strong><\/p>\n\n\n\n<p class=\"wp-block-paragraph\"><\/p>\n\n\n\n<div class=\"wp-block-group website-item has-global-padding is-layout-constrained wp-block-group-is-layout-constrained\">\n<p class=\"wp-block-paragraph\"><strong><a href=\"https:\/\/osilenciotemsom.com\/\">o Sil\u00eancio tem Som?<\/a><\/strong><\/p>\n\n\n\n<p class=\"wp-block-paragraph\">(in progress)<\/p>\n\n\n\n<figure class=\"wp-block-image size-full website-preview wp-duotone-unset-2\"><img loading=\"lazy\" decoding=\"async\" width=\"2560\" height=\"1383\" src=\"https:\/\/incalma.com\/wp-content\/uploads\/2026\/09\/Screenshot-2026-09-02-at-16.20.55-scaled.png\" alt=\"\" class=\"wp-image-1703\" srcset=\"https:\/\/incalma.com\/wp-content\/uploads\/2026\/09\/Screenshot-2026-09-02-at-16.20.55-scaled.png 2560w, https:\/\/incalma.com\/wp-content\/uploads\/2026\/09\/Screenshot-2026-09-02-at-16.20.55-300x162.png 300w, https:\/\/incalma.com\/wp-content\/uploads\/2026\/09\/Screenshot-2026-09-02-at-16.20.55-766x414.png 766w, https:\/\/incalma.com\/wp-content\/uploads\/2026\/09\/Screenshot-2026-09-02-at-16.20.55-1024x553.png 1024w, https:\/\/incalma.com\/wp-content\/uploads\/2026\/09\/Screenshot-2026-09-02-at-16.20.55-1536x830.png 1536w, https:\/\/incalma.com\/wp-content\/uploads\/2026\/09\/Screenshot-2026-09-02-at-16.20.55-2048x1106.png 2048w\" sizes=\"auto, (max-width: 2560px) 100vw, 2560px\" \/><\/figure>\n<\/div>\n\n\n\n<div class=\"wp-block-group website-item has-global-padding is-layout-constrained wp-block-group-is-layout-constrained\">\n<p class=\"wp-block-paragraph\"><strong><a href=\"https:\/\/estudiominusculo.com\/\">est\u00fadio min\u00fasculo<\/a><\/strong><\/p>\n\n\n\n<p class=\"wp-block-paragraph\">design and marketing studio<\/p>\n\n\n\n<figure class=\"wp-block-image size-full website-preview wp-duotone-unset-3\"><img loading=\"lazy\" decoding=\"async\" width=\"2560\" height=\"1383\" src=\"https:\/\/incalma.com\/wp-content\/uploads\/2026\/08\/Screenshot-2026-08-19-at-16.26.51-scaled.png\" alt=\"\" class=\"wp-image-1505\" srcset=\"https:\/\/incalma.com\/wp-content\/uploads\/2026\/08\/Screenshot-2026-08-19-at-16.26.51-scaled.png 2560w, https:\/\/incalma.com\/wp-content\/uploads\/2026\/08\/Screenshot-2026-08-19-at-16.26.51-300x162.png 300w, https:\/\/incalma.com\/wp-content\/uploads\/2026\/08\/Screenshot-2026-08-19-at-16.26.51-1024x553.png 1024w, https:\/\/incalma.com\/wp-content\/uploads\/2026\/08\/Screenshot-2026-08-19-at-16.26.51-768x415.png 768w, https:\/\/incalma.com\/wp-content\/uploads\/2026\/08\/Screenshot-2026-08-19-at-16.26.51-1536x830.png 1536w, https:\/\/incalma.com\/wp-content\/uploads\/2026\/08\/Screenshot-2026-08-19-at-16.26.51-2048x1107.png 2048w\" sizes=\"auto, (max-width: 2560px) 100vw, 2560px\" \/><\/figure>\n<\/div>\n\n\n\n<div class=\"wp-block-group website-item has-global-padding is-layout-constrained wp-block-group-is-layout-constrained\">\n<p class=\"wp-block-paragraph\"><strong><a href=\"https:\/\/why-solutions.com\/\">WHY Integrated Solutions<\/a><\/strong><\/p>\n\n\n\n<p class=\"wp-block-paragraph\">engineering consultant<\/p>\n\n\n\n<figure class=\"wp-block-image size-full website-preview wp-duotone-unset-4\"><img loading=\"lazy\" decoding=\"async\" width=\"2560\" height=\"1383\" src=\"https:\/\/incalma.com\/wp-content\/uploads\/2026\/08\/Screenshot-2026-08-19-at-16.27.10-scaled.png\" alt=\"\" class=\"wp-image-1506\" srcset=\"https:\/\/incalma.com\/wp-content\/uploads\/2026\/08\/Screenshot-2026-08-19-at-16.27.10-scaled.png 2560w, https:\/\/incalma.com\/wp-content\/uploads\/2026\/08\/Screenshot-2026-08-19-at-16.27.10-300x162.png 300w, https:\/\/incalma.com\/wp-content\/uploads\/2026\/08\/Screenshot-2026-08-19-at-16.27.10-1024x553.png 1024w, https:\/\/incalma.com\/wp-content\/uploads\/2026\/08\/Screenshot-2026-08-19-at-16.27.10-768x415.png 768w, https:\/\/incalma.com\/wp-content\/uploads\/2026\/08\/Screenshot-2026-08-19-at-16.27.10-1536x830.png 1536w, https:\/\/incalma.com\/wp-content\/uploads\/2026\/08\/Screenshot-2026-08-19-at-16.27.10-2048x1107.png 2048w\" sizes=\"auto, (max-width: 2560px) 100vw, 2560px\" \/><\/figure>\n<\/div>\n\n\n\n<div class=\"wp-block-group website-item has-global-padding is-layout-constrained wp-block-group-is-layout-constrained\">\n<p class=\"wp-block-paragraph\"><strong><a href=\"https:\/\/spazioharmonico.com\/\">Spazio Harm\u00f3nico<\/a><\/strong><\/p>\n\n\n\n<p class=\"wp-block-paragraph\">yoga studio<\/p>\n\n\n\n<figure class=\"wp-block-image size-full website-preview wp-duotone-unset-5\"><img loading=\"lazy\" decoding=\"async\" width=\"2560\" height=\"1382\" src=\"https:\/\/incalma.com\/wp-content\/uploads\/2026\/08\/Screenshot-2026-08-19-at-16.26.33-scaled.png\" alt=\"\" class=\"wp-image-1507\" srcset=\"https:\/\/incalma.com\/wp-content\/uploads\/2026\/08\/Screenshot-2026-08-19-at-16.26.33-scaled.png 2560w, https:\/\/incalma.com\/wp-content\/uploads\/2026\/08\/Screenshot-2026-08-19-at-16.26.33-300x162.png 300w, https:\/\/incalma.com\/wp-content\/uploads\/2026\/08\/Screenshot-2026-08-19-at-16.26.33-1024x553.png 1024w, https:\/\/incalma.com\/wp-content\/uploads\/2026\/08\/Screenshot-2026-08-19-at-16.26.33-768x415.png 768w, https:\/\/incalma.com\/wp-content\/uploads\/2026\/08\/Screenshot-2026-08-19-at-16.26.33-1536x829.png 1536w, https:\/\/incalma.com\/wp-content\/uploads\/2026\/08\/Screenshot-2026-08-19-at-16.26.33-2048x1106.png 2048w\" sizes=\"auto, (max-width: 2560px) 100vw, 2560px\" \/><\/figure>\n<\/div>\n\n\n\n<div class=\"wp-block-group website-item has-global-padding is-layout-constrained wp-block-group-is-layout-constrained\">\n<p class=\"wp-block-paragraph\"><strong><a href=\"https:\/\/agucamag.com\/\" data-type=\"link\" data-id=\"https:\/\/agucamag.com\/\">agu\u00e7a mag<\/a><\/strong><\/p>\n\n\n\n<p class=\"wp-block-paragraph\">illustration magazine<\/p>\n\n\n\n<figure class=\"wp-block-image size-full website-preview wp-duotone-unset-6\"><img loading=\"lazy\" decoding=\"async\" width=\"2560\" height=\"1387\" src=\"https:\/\/incalma.com\/wp-content\/uploads\/2026\/08\/Screenshot-2026-08-20-at-07.35.52-scaled.png\" alt=\"\" class=\"wp-image-1558\" srcset=\"https:\/\/incalma.com\/wp-content\/uploads\/2026\/08\/Screenshot-2026-08-20-at-07.35.52-scaled.png 2560w, https:\/\/incalma.com\/wp-content\/uploads\/2026\/08\/Screenshot-2026-08-20-at-07.35.52-300x163.png 300w, https:\/\/incalma.com\/wp-content\/uploads\/2026\/08\/Screenshot-2026-08-20-at-07.35.52-768x416.png 768w, https:\/\/incalma.com\/wp-content\/uploads\/2026\/08\/Screenshot-2026-08-20-at-07.35.52-1024x555.png 1024w, https:\/\/incalma.com\/wp-content\/uploads\/2026\/08\/Screenshot-2026-08-20-at-07.35.52-1536x832.png 1536w, https:\/\/incalma.com\/wp-content\/uploads\/2026\/08\/Screenshot-2026-08-20-at-07.35.52-2048x1109.png 2048w\" sizes=\"auto, (max-width: 2560px) 100vw, 2560px\" \/><\/figure>\n<\/div>\n\n\n\n<div data-wp-context=\"{ &quot;autoclose&quot;: false, &quot;accordionItems&quot;: [] }\" data-wp-interactive=\"core\/accordion\" role=\"group\" class=\"wp-block-accordion is-layout-flow wp-block-accordion-is-layout-flow\">\n<div data-wp-class--is-open=\"state.isOpen\" data-wp-context=\"{ &quot;id&quot;: &quot;accordion-item-7&quot;, &quot;openByDefault&quot;: false }\" data-wp-init=\"callbacks.initAccordionItems\" data-wp-on-window--hashchange=\"callbacks.hashChange\" class=\"wp-block-accordion-item is-layout-flow wp-block-accordion-item-is-layout-flow\">\n<h3 class=\"wp-block-accordion-heading has-icon has-icon-right has-medium-font-size\"><button aria-expanded=\"false\" aria-controls=\"accordion-item-7-panel\" data-wp-bind--aria-expanded=\"state.isOpen\" data-wp-on--click=\"actions.toggle\" id=\"accordion-item-7\" type=\"button\" class=\"wp-block-accordion-heading__toggle\"><span class=\"wp-block-accordion-heading__toggle-title\">academic cv<\/span><span class=\"wp-block-accordion-heading__toggle-icon\" aria-hidden=\"true\">+<\/span><\/button><\/h3>\n\n\n\n<div aria-labelledby=\"accordion-item-7\" data-wp-bind--hidden=\"state.isHidden\" data-wp-on--beforematch=\"actions.handleBeforeMatch\" id=\"accordion-item-7-panel\" role=\"region\" class=\"wp-block-accordion-panel is-layout-flow wp-block-accordion-panel-is-layout-flow\">\n<p class=\"wp-block-paragraph\">2026 <strong>\u00abDon\u2019t blame the machine. You have to pay first\u00bb: Affective Recognition and the Limits of Human Experience in <em>Sunny<\/em> (2024) <\/strong>presentation at <em>Ratio Ethica: Towards Epistemic Justice<\/em> International Conference (SLSA + USP). S\u00e3o Paulo, Brasil.<\/p>\n\n\n\n<p class=\"wp-block-paragraph\">2026 <strong><em>Pluribus<\/em> (2025): <em>We<\/em> think, therefore <em>We<\/em> are<\/strong> presentation at <em>Uncharismatic Aliens: Weird Life on Earth and Beyond in Science Fiction and Bio Art<\/em> International Conference (ILCML\/FLUP). Porto, Portugal.<\/p>\n\n\n\n<p class=\"wp-block-paragraph\">2026 <strong><em>Uncharismatic Aliens: Weird Life on Earth and Beyond in Science Fiction and Bio Art<\/em><\/strong> International Conference organization (ILCML\/FLUP). Porto, Portugal.<\/p>\n\n\n\n<p class=\"wp-block-paragraph\">2026 <a href=\"https:\/\/www.periodicos.uem.br\/ojs\/index.php\/ActaSciHumanSocSci\/article\/view\/82289\/751375163134\"><strong>\u00abTerrit\u00f3rios Artificiais: Uma Nova Cartografia Liter\u00e1ria<\/strong><\/a>\u00bb at Acta Scientiarum Human and Social Sciences magazine.<\/p>\n\n\n\n<p class=\"wp-block-paragraph\">2026 <strong>\u00abCatherine, Are We Alive?\u00bb: Posthuman Modalities of Machinic Life and Living-Death in <em>SOMA<\/em> (2015)<\/strong> presentation at the International Conference for the Fantastic in the Arts (ICFA). Orlando, Florida.<\/p>\n\n\n\n<p class=\"wp-block-paragraph\">2026 <em><strong>Dispositivos de Futuridade: a Fic\u00e7\u00e3o Cient\u00edfica em Portugal<\/strong><\/em> conference organization (ILCML\/FLUP). Porto, Portugal.<\/p>\n\n\n\n<p class=\"wp-block-paragraph\">2025 <strong><em>Blade Runner<\/em> (1982): A Vit\u00f3ria do Original e a Ang\u00fastia da R\u00e9plica<\/strong> presentation at the conference <em>Mutants, Monsters and Marvels<\/em> (ILCML\/FLUP). Porto, Portugal.<\/p>\n\n\n\n<p class=\"wp-block-paragraph\">2025 &#8211; 2027 Contributor at <strong><em>\u00a0<\/em><\/strong>FCT&#8217;s Exploratory Project <a href=\"https:\/\/extraterrestrialposthumanism.com\/\"><strong>Extraterrestrial Posthumanism<\/strong><\/a> (ILCML\/FLUP). Porto, Portugal.<\/p>\n<\/div>\n<\/div>\n<\/div>\n\n\n\n<div data-wp-context=\"{ &quot;autoclose&quot;: false, &quot;accordionItems&quot;: [] }\" data-wp-interactive=\"core\/accordion\" role=\"group\" class=\"wp-block-accordion is-layout-flow wp-block-accordion-is-layout-flow\">\n<div data-wp-class--is-open=\"state.isOpen\" data-wp-context=\"{ &quot;id&quot;: &quot;accordion-item-8&quot;, &quot;openByDefault&quot;: false }\" data-wp-init=\"callbacks.initAccordionItems\" data-wp-on-window--hashchange=\"callbacks.hashChange\" class=\"wp-block-accordion-item is-layout-flow wp-block-accordion-item-is-layout-flow\">\n<h3 class=\"wp-block-accordion-heading has-icon has-icon-right has-medium-font-size\"><button aria-expanded=\"false\" aria-controls=\"accordion-item-8-panel\" data-wp-bind--aria-expanded=\"state.isOpen\" data-wp-on--click=\"actions.toggle\" id=\"accordion-item-8\" type=\"button\" class=\"wp-block-accordion-heading__toggle\"><span class=\"wp-block-accordion-heading__toggle-title\">exhibitions<\/span><span class=\"wp-block-accordion-heading__toggle-icon\" aria-hidden=\"true\">+<\/span><\/button><\/h3>\n\n\n\n<div aria-labelledby=\"accordion-item-8\" data-wp-bind--hidden=\"state.isHidden\" data-wp-on--beforematch=\"actions.handleBeforeMatch\" id=\"accordion-item-8-panel\" role=\"region\" class=\"wp-block-accordion-panel is-layout-flow wp-block-accordion-panel-is-layout-flow\">\n<p class=\"wp-block-paragraph\">2026 <strong><em>Comfort Food<\/em><\/strong>, collective exhibition at <em><a href=\"https:\/\/ogaleria.myshopify.com\/\">\u00d3! Galeria<\/a><\/em>. Porto, Portugal<\/p>\n\n\n\n<p class=\"wp-block-paragraph\">2024 <strong><em>Let&#8217;s look at the trailer II<\/em><\/strong>, collective exhibition at <em><a href=\"https:\/\/ogaleria.myshopify.com\/\">\u00d3! Galeria<\/a><\/em>. Porto, Portugal<\/p>\n\n\n\n<p class=\"wp-block-paragraph\">2023 <strong><em>Bib\u00f3 Porto!&nbsp;<\/em><\/strong>collective exhibition at <em><a href=\"https:\/\/ogaleria.myshopify.com\/\">\u00d3! Galeria<\/a><\/em>. Porto, Portugal<\/p>\n\n\n\n<p class=\"wp-block-paragraph\">2023 <strong><em>Incredibilis Animalibus&nbsp;<\/em><\/strong>collective exhibition at <em><a href=\"https:\/\/ogaleria.myshopify.com\/\">\u00d3! Galeria<\/a><\/em>. Porto, Portugal<\/p>\n\n\n\n<p class=\"wp-block-paragraph\">2022 <strong><em>Um gelado antes do fim do mundo&nbsp;<\/em><\/strong>collective exhibition at <em><a href=\"https:\/\/ogaleria.myshopify.com\/\">\u00d3! Galeria<\/a><\/em>. Porto, Portugal<\/p>\n\n\n\n<p class=\"has-small-font-size wp-block-paragraph\">2022 <strong><em>Pale Blue Dot&nbsp;<\/em><\/strong>collective exhibition at <em><a href=\"https:\/\/ogaleria.myshopify.com\/\">\u00d3! Galeria<\/a><\/em> and <a href=\"http:\/\/www.eldiluviouniversal.com\/\"><em>El Diluvio Universal<\/em><\/a><em>.<\/em> Porto, Portugal and Barcelona, Spain<\/p>\n\n\n\n<p class=\"wp-block-paragraph\">2022 <strong><em>A6 x Muitos&nbsp;<\/em><\/strong>collective exhibition at <a href=\"https:\/\/lucateatroluisdecamoes.pt\/en\/\"><em>LU.CA<\/em><\/a>. Lisbon, Portugal<\/p>\n\n\n\n<p class=\"wp-block-paragraph\">2021 <strong><em>Love Letters&nbsp;<\/em><\/strong>collective exhibition at <a href=\"https:\/\/ogaleria.myshopify.com\/\"><em>\u00d3! Galeria<\/em><\/a><em>.<\/em> Porto, Portugal<\/p>\n\n\n\n<p class=\"wp-block-paragraph\">2021 <strong><em>Surroundings II <\/em><\/strong>collective exhibition produced by <em><a href=\"https:\/\/www.instagram.com\/magoprintstudio\/\">MAGO<\/a><\/em> print studio<em>.<\/em> Lisbon, Portugal<\/p>\n\n\n\n<p class=\"wp-block-paragraph\">2021 <strong><em>No Man is An Island&nbsp;<\/em><\/strong>collective exhibition at <a href=\"https:\/\/ogaleria.myshopify.com\/\"><em>\u00d3! Galeria<\/em><\/a><em>.<\/em> Porto, Portugal<\/p>\n\n\n\n<p class=\"wp-block-paragraph\">2020 <strong><em>Untitled #2020&nbsp;<\/em><\/strong>collective exhibition at <a href=\"https:\/\/ogaleria.myshopify.com\/\"><em>\u00d3! Galeria<\/em><\/a><em>.<\/em> Porto, Portugal<\/p>\n\n\n\n<p class=\"wp-block-paragraph\">2020 <strong><em>Favorite Things&nbsp;<\/em><\/strong>collective exhibition at <a href=\"https:\/\/ogaleria.myshopify.com\/\"><em>\u00d3! Galeria<\/em><\/a><em>.<\/em> Porto, Portugal<\/p>\n\n\n\n<p class=\"wp-block-paragraph\">2019 <strong><em>Sinal&nbsp;\u2014 100 Anos de Design das Telecomunica\u00e7\u00f5es e dos Correios em Portugal<\/em><\/strong> collective exhibition at <a href=\"http:\/\/casa-design.pt\/\"><em>Casa do Design<\/em><\/a><em>.<\/em> Matosinhos, Portugal<\/p>\n\n\n\n<p class=\"wp-block-paragraph\">2019 <strong><em>Other Things In The Night Sky <\/em><\/strong>flash solo exhibition&nbsp;at <a href=\"https:\/\/ogaleria.myshopify.com\/\"><em>\u00d3! Galeria<\/em><\/a><em>.<\/em> Lisbon, Portugal<\/p>\n\n\n\n<p class=\"wp-block-paragraph\">2019 <strong><em>My City&nbsp;<\/em><\/strong>collective exhibition at <a href=\"https:\/\/ogaleria.myshopify.com\/\"><em>\u00d3! Galeria<\/em><\/a><em>.<\/em> Porto and Lisbon, Portugal<\/p>\n\n\n\n<p class=\"wp-block-paragraph\">2019 <strong><em>To Be or not To Bee<\/em><\/strong> collective exhibition at <a href=\"https:\/\/ogaleria.myshopify.com\/\"><em>\u00d3! Galeria<\/em><\/a><em>.<\/em> Porto and Lisbon, Portugal<\/p>\n\n\n\n<p class=\"wp-block-paragraph\">2019 <strong><em>Memorabilia<\/em><\/strong> solo exhibition at <a href=\"https:\/\/ogaleria.myshopify.com\/\"><em>\u00d3! Galeria<\/em><\/a><em>.<\/em> Porto, Portugal<\/p>\n\n\n\n<p class=\"wp-block-paragraph\">2018 <strong><em>Milagro<\/em><\/strong> collective exhibition at <a href=\"https:\/\/ogaleria.myshopify.com\/\"><em>\u00d3! Galeria<\/em><\/a>. Porto and Lisbon, Portugal<\/p>\n\n\n\n<p class=\"wp-block-paragraph\">2018 <strong><em>Jungle Fever<\/em><\/strong> collective exhibition at <a href=\"https:\/\/ogaleria.myshopify.com\/\"><em>\u00d3! Galeria<\/em><\/a>. Porto and Lisbon, Portugal<\/p>\n\n\n\n<p class=\"wp-block-paragraph\">2017 <strong><em>INCALMA<\/em><\/strong> solo exhibition at <a href=\"https:\/\/t.umblr.com\/redirect?z=https%3A%2F%2Fwww.facebook.com%2Fteatrovilareal%2F%3Ffref%3Dts&amp;t=MzNkNjRiMGExNzdmMjZhNDljNDE5MDIwNzkxNGVjZDRiYmFmNTQ5NixUbU4zdWpESg%3D%3D&amp;p=&amp;m=0\"><em>Teatro de Vila Real<\/em><\/a>. Vila Real, Portugal <\/p>\n\n\n\n<p class=\"wp-block-paragraph\">2015 <strong><em>La La Land<\/em><\/strong> solo exhibition at <a href=\"https:\/\/t.umblr.com\/redirect?z=https%3A%2F%2Fwww.facebook.com%2Fduasdeletra%2F&amp;t=ZmMyNWRmMTMyZGUyODllZTdlMzI4YmM2ZjU2MjQ1YjFlMmVhODdlMCxUbU4zdWpESg%3D%3D&amp;p=&amp;m=0\"><em>Duas de Letra<\/em><\/a>. Porto, Portugal<\/p>\n<\/div>\n<\/div>\n<\/div>\n\n\n\n<div data-wp-context=\"{ &quot;autoclose&quot;: false, &quot;accordionItems&quot;: [] }\" data-wp-interactive=\"core\/accordion\" role=\"group\" class=\"wp-block-accordion is-layout-flow wp-block-accordion-is-layout-flow\">\n<div data-wp-class--is-open=\"state.isOpen\" data-wp-context=\"{ &quot;id&quot;: &quot;accordion-item-9&quot;, &quot;openByDefault&quot;: false }\" data-wp-init=\"callbacks.initAccordionItems\" data-wp-on-window--hashchange=\"callbacks.hashChange\" class=\"wp-block-accordion-item is-layout-flow wp-block-accordion-item-is-layout-flow\">\n<h3 class=\"wp-block-accordion-heading has-icon has-icon-right has-medium-font-size\"><button aria-expanded=\"false\" aria-controls=\"accordion-item-9-panel\" data-wp-bind--aria-expanded=\"state.isOpen\" data-wp-on--click=\"actions.toggle\" id=\"accordion-item-9\" type=\"button\" class=\"wp-block-accordion-heading__toggle\"><span class=\"wp-block-accordion-heading__toggle-title\">works<\/span><span class=\"wp-block-accordion-heading__toggle-icon\" aria-hidden=\"true\">+<\/span><\/button><\/h3>\n\n\n\n<div aria-labelledby=\"accordion-item-9\" data-wp-bind--hidden=\"state.isHidden\" data-wp-on--beforematch=\"actions.handleBeforeMatch\" id=\"accordion-item-9-panel\" role=\"region\" class=\"wp-block-accordion-panel is-layout-flow wp-block-accordion-panel-is-layout-flow\">\n<p class=\"wp-block-paragraph\">2021 Illustrations for food magazine <a href=\"https:\/\/eggas.pt\/\"><em>Eggas<\/em><\/a>.&nbsp;<\/p>\n\n\n\n<p class=\"wp-block-paragraph\">2019 Illustration for <a href=\"https:\/\/gerador.eu\/conhece-a-obra-grafica-criada-pela-designer-incalma-para-a-revista-gerador-nas-bancas\/\"><em>Gerador<\/em><\/a> magazine.<\/p>\n\n\n\n<p class=\"wp-block-paragraph\">2015 &#8211; 2019 Film posters for\u00a0<a href=\"https:\/\/t.umblr.com\/redirect?z=https%3A%2F%2Fcineclubedoporto.wordpress.com%2F&amp;t=MjEyMDM0N2NlODA0OGU4ODkyNjdkZTQ1NWU2MzkxNGEzYTk1ODVmOCxUbU4zdWpESg%3D%3D&amp;p=&amp;m=0\"><em>Cineclube do Porto<\/em><\/a>.<\/p>\n\n\n\n<p class=\"wp-block-paragraph\">2016 Illustration for <em>Uma P\u00e1gina Para Emoldurar<\/em> (<a href=\"https:\/\/t.umblr.com\/redirect?z=http%3A%2F%2Fgerador.eu&amp;t=MDY0ODljYzg3YmFlN2ZmZjk0NjZiYzA3Yjk0ZGMyNTBjNzE3N2RmYixUbU4zdWpESg%3D%3D&amp;p=&amp;m=0\"><em>Gerador<\/em><\/a>) for <a href=\"https:\/\/t.umblr.com\/redirect?z=http%3A%2F%2Fwww.sabado.pt%2F&amp;t=Yzg0YWE0OWZiYTUwZGY2M2ExN2EzMzViMGQwMjUxYTczMzQyYjNiZCxUbU4zdWpESg%3D%3D&amp;p=&amp;m=0\"><em>S\u00c1BADO<\/em><\/a> magazine. <\/p>\n\n\n\n<p class=\"wp-block-paragraph\">2016 Illustration for <a href=\"https:\/\/t.umblr.com\/redirect?z=http%3A%2F%2Fgerador.eu%2F&amp;t=ODI4YWRiMGIwNDcwYzcxYjA4NzliMzM4NDM0NjA2ZTE0MjEyMTZmNCxUbU4zdWpESg%3D%3D&amp;p=&amp;m=0\"><em>Gerador<\/em><\/a> magazine. <\/p>\n\n\n\n<p class=\"wp-block-paragraph\">2016 Illustration for <a href=\"https:\/\/t.umblr.com\/redirect?z=https%3A%2F%2Fwww.facebook.com%2FTimeOutPorto%2F&amp;t=MDlhNjJiYzFjY2RkN2I5MzBkNjUyYjBiYTBmNWQ5YzczN2IxZTEwYyxUbU4zdWpESg%3D%3D&amp;p=&amp;m=0\"><em>Time Out Porto<\/em><\/a> magazine.&nbsp;<\/p>\n<\/div>\n<\/div>\n<\/div>\n\n\n\n<div data-wp-context=\"{ &quot;autoclose&quot;: false, &quot;accordionItems&quot;: [] }\" data-wp-interactive=\"core\/accordion\" role=\"group\" class=\"wp-block-accordion is-layout-flow wp-block-accordion-is-layout-flow\">\n<div data-wp-class--is-open=\"state.isOpen\" data-wp-context=\"{ &quot;id&quot;: &quot;accordion-item-10&quot;, &quot;openByDefault&quot;: false }\" data-wp-init=\"callbacks.initAccordionItems\" data-wp-on-window--hashchange=\"callbacks.hashChange\" class=\"wp-block-accordion-item is-layout-flow wp-block-accordion-item-is-layout-flow\">\n<h3 class=\"wp-block-accordion-heading has-icon has-icon-right has-medium-font-size\"><button aria-expanded=\"false\" aria-controls=\"accordion-item-10-panel\" data-wp-bind--aria-expanded=\"state.isOpen\" data-wp-on--click=\"actions.toggle\" id=\"accordion-item-10\" type=\"button\" class=\"wp-block-accordion-heading__toggle\"><span class=\"wp-block-accordion-heading__toggle-title\">press<\/span><span class=\"wp-block-accordion-heading__toggle-icon\" aria-hidden=\"true\">+<\/span><\/button><\/h3>\n\n\n\n<div aria-labelledby=\"accordion-item-10\" data-wp-bind--hidden=\"state.isHidden\" data-wp-on--beforematch=\"actions.handleBeforeMatch\" id=\"accordion-item-10-panel\" role=\"region\" class=\"wp-block-accordion-panel is-layout-flow wp-block-accordion-panel-is-layout-flow\">\n<p class=\"wp-block-paragraph\">2019 <a href=\"http:\/\/caras.sapo.pt\/decoracao\"><em>Caras Decora\u00e7\u00e3o<\/em><\/a> (Setembro)&nbsp;<\/p>\n\n\n\n<p class=\"wp-block-paragraph\">2017 <a href=\"https:\/\/t.umblr.com\/redirect?z=http%3A%2F%2Fthewuka.com%2Fportfolio%2Fines-caldas%2F&amp;t=MzJkOGUxMDBkOTE5ZjhlYzg2NThhZGM0YTkxYzg4Y2I5NDhkMjFmYSxUbU4zdWpESg%3D%3D&amp;p=&amp;m=0\"><em>The Wuka<\/em><\/a>&nbsp;<\/p>\n<\/div>\n<\/div>\n<\/div>\n\n\n\n<div data-wp-context=\"{ &quot;autoclose&quot;: false, &quot;accordionItems&quot;: [] }\" data-wp-interactive=\"core\/accordion\" role=\"group\" class=\"wp-block-accordion is-layout-flow wp-block-accordion-is-layout-flow\">\n<div data-wp-class--is-open=\"state.isOpen\" data-wp-context=\"{ &quot;id&quot;: &quot;accordion-item-11&quot;, &quot;openByDefault&quot;: false }\" data-wp-init=\"callbacks.initAccordionItems\" data-wp-on-window--hashchange=\"callbacks.hashChange\" class=\"wp-block-accordion-item is-layout-flow wp-block-accordion-item-is-layout-flow\">\n<h3 class=\"wp-block-accordion-heading has-icon has-icon-right has-medium-font-size\"><button aria-expanded=\"false\" aria-controls=\"accordion-item-11-panel\" data-wp-bind--aria-expanded=\"state.isOpen\" data-wp-on--click=\"actions.toggle\" id=\"accordion-item-11\" type=\"button\" class=\"wp-block-accordion-heading__toggle\"><span class=\"wp-block-accordion-heading__toggle-title\">awards<\/span><span class=\"wp-block-accordion-heading__toggle-icon\" aria-hidden=\"true\">+<\/span><\/button><\/h3>\n\n\n\n<div aria-labelledby=\"accordion-item-11\" data-wp-bind--hidden=\"state.isHidden\" data-wp-on--beforematch=\"actions.handleBeforeMatch\" id=\"accordion-item-11-panel\" role=\"region\" class=\"wp-block-accordion-panel is-layout-flow wp-block-accordion-panel-is-layout-flow\">\n<p class=\"wp-block-paragraph\">2017<em> <\/em><strong>Acquisition Award<\/strong> with the project <strong><em>Terra Fria<\/em><\/strong> by the School of Fine Arts of the University of Porto.<\/p>\n<\/div>\n<\/div>\n<\/div>\n","protected":false},"excerpt":{"rendered":"<p>Portuguese designer and illustrator. Science fiction enthusiast and bird lover. Casual chess player, core gamer, and full-time everyday-things jingle producer. Amateur at all things, except for work (in case you\u2019re a client reading this). I studied Communication Design at the School of Fine Arts of the University of Porto and attended an Illustration and Visual [&hellip;]<\/p>\n","protected":false},"author":2,"featured_media":1133,"parent":0,"menu_order":0,"comment_status":"closed","ping_status":"closed","template":"project-page","meta":{"footnotes":""},"class_list":["post-11","page","type-page","status-publish","has-post-thumbnail","hentry"],"_links":{"self":[{"href":"https:\/\/incalma.com\/index.php\/wp-json\/wp\/v2\/pages\/11","targetHints":{"allow":["GET"]}}],"collection":[{"href":"https:\/\/incalma.com\/index.php\/wp-json\/wp\/v2\/pages"}],"about":[{"href":"https:\/\/incalma.com\/index.php\/wp-json\/wp\/v2\/types\/page"}],"author":[{"embeddable":true,"href":"https:\/\/incalma.com\/index.php\/wp-json\/wp\/v2\/users\/2"}],"replies":[{"embeddable":true,"href":"https:\/\/incalma.com\/index.php\/wp-json\/wp\/v2\/comments?post=11"}],"version-history":[{"count":70,"href":"https:\/\/incalma.com\/index.php\/wp-json\/wp\/v2\/pages\/11\/revisions"}],"predecessor-version":[{"id":1707,"href":"https:\/\/incalma.com\/index.php\/wp-json\/wp\/v2\/pages\/11\/revisions\/1707"}],"wp:featuredmedia":[{"embeddable":true,"href":"https:\/\/incalma.com\/index.php\/wp-json\/wp\/v2\/media\/1133"}],"wp:attachment":[{"href":"https:\/\/incalma.com\/index.php\/wp-json\/wp\/v2\/media?parent=11"}],"curies":[{"name":"wp","href":"https:\/\/api.w.org\/{rel}","templated":true}]}}